{"id":9462,"date":"2024-06-27T09:00:18","date_gmt":"2024-06-27T09:00:18","guid":{"rendered":"https:\/\/centreinsight.es\/serveis\/tractament-de-fobies-socials-a-sabadell\/"},"modified":"2025-11-26T13:24:47","modified_gmt":"2025-11-26T13:24:47","slug":"tractament-de-fobies-socials-a-sabadell","status":"publish","type":"page","link":"https:\/\/www.centreinsight.es\/ca\/tractament-de-fobies-socials-a-sabadell\/","title":{"rendered":"Tractament de F\u00f2bies socials a Sabadell"},"content":{"rendered":"<section class=\"l-section wpb_row height_small color_primary with_img\"><div class=\"l-section-img\" role=\"img\" aria-label=\"Imatge\" data-img-width=\"1620\" data-img-height=\"1080\" style=\"background-image: url(https:\/\/www.centreinsight.es\/wp-content\/uploads\/2024\/06\/Centreinsight-online-14-scaled-e1602847034637.jpg);\"><\/div><div class=\"l-section-overlay\" style=\"background:var(--color-header-top-transparent-bg)\"><\/div><div class=\"l-section-h i-cf\"><div class=\"g-cols vc_row via_grid cols_1 laptops-cols_inherit tablets-cols_inherit mobiles-cols_1 valign_top type_default stacking_default\"><div class=\"wpb_column vc_column_container\"><div class=\"vc_column-inner\"><div class=\"w-separator size_small\"><\/div><div class=\"wpb_text_column\"><div class=\"wpb_wrapper\"><h1 style=\"text-align: center;\">Tractament de F\u00f2bies socials a Sabadell<\/h1>\n<\/div><\/div><nav class=\"g-breadcrumbs separator_icon align_center hide_current\" itemscope itemtype=\"http:\/\/schema.org\/BreadcrumbList\"><div class=\"g-breadcrumbs-item\" itemscope itemprop=\"itemListElement\" itemtype=\"http:\/\/schema.org\/ListItem\"><a itemprop=\"item\" href=\"https:\/\/www.centreinsight.es\/ca\/\"><span itemprop=\"name\">Psic\u00f2legs a Sabadell<\/span><\/a><meta itemprop=\"position\" content=\"1\"\/><\/div><div class=\"g-breadcrumbs-separator\"><i class=\"far fa-angle-right\"><\/i><\/div><div class=\"g-breadcrumbs-item\">P\u00e0gines<\/div><\/nav><div class=\"w-separator size_medium\"><\/div><div class=\"w-btn-wrapper align_center\"><a class=\"w-btn us-btn-style_1\" href=\"https:\/\/centreinsight.es\/contacto\/\"><span class=\"w-btn-label\">Demanar cita amb els nostres psic\u00f2legs<\/span><\/a><\/div><\/div><\/div><\/div><\/div><\/section><section class=\"l-section wpb_row height_small\"><div class=\"l-section-h i-cf\"><div class=\"g-cols vc_row via_grid cols_2 laptops-cols_inherit tablets-cols_inherit mobiles-cols_1 valign_top type_default stacking_default\"><div class=\"wpb_column vc_column_container\"><div class=\"vc_column-inner\"><div class=\"w-separator size_medium\"><\/div><div class=\"wpb_text_column\"><div class=\"wpb_wrapper\"><p>Valorat amb  <i class=\"fas fa-star\" style=\"color: #e3e30e;\"><\/i><i class=\"fas fa-star\" style=\"color: #e3e30e;\"><\/i><i class=\"fas fa-star\" style=\"color: #e3e30e;\"><i class=\"fas fa-star\" style=\"color: #e3e30e;\"><\/i><\/i><i class=\"fas fa-star\" style=\"color: #e3e30e;\"><\/i>(+ de <strong>90 ressenyes a Google<\/strong> ).<\/p>\n<h2>Qu\u00e8 \u00e9s una f\u00f2bia social?<\/h2>\n<p>La f\u00f2bia social \u00e9s un trastorn de l&#8217;ansietat caracteritzat per un <strong>temor intens i persistent al judici de les altres persones<\/strong> en diferents \u00e0mbits i situacions.<\/p>\n<h2>Com es comporta una persona amb f\u00f2bia social?<\/h2>\n<p>Una persona amb aquest trastorn intentar\u00e0 <strong>evitar en la mesura del possible el contacte amb les altres persones<\/strong> . Encara que els s\u00edmptomes s\u00f3n diversos, una persona amb f\u00f2bia social podria evitar la mirada amb les altres persones, podria tenir <strong>dificultats en parlar amb les altres persones, tremolar-li la veu o tartamudejar, enrojolar-se, quedar-se en blanc, bloquejar-se, etc.<\/strong><\/p>\n<\/div><\/div><\/div><\/div><div class=\"wpb_column vc_column_container\"><div class=\"vc_column-inner\"><div class=\"w-separator size_medium\"><\/div><div class=\"wpb_text_column\"><div class=\"wpb_wrapper\"><h2>Contacta amb nosaltres<\/h2>\n<\/div><\/div><div class=\"w-separator size_small\"><\/div><div class=\"w-html\">\n<div class=\"wpcf7 no-js\" id=\"wpcf7-f9500-o1\" lang=\"ca\" dir=\"ltr\" data-wpcf7-id=\"9500\">\n<div class=\"screen-reader-response\"><p role=\"status\" aria-live=\"polite\" aria-atomic=\"true\"><\/p> <ul><\/ul><\/div>\n<form action=\"\/ca\/wp-json\/wp\/v2\/pages\/9462#wpcf7-f9500-o1\" method=\"post\" class=\"wpcf7-form init\" aria-label=\"Formulari de contacte\" novalidate=\"novalidate\" data-status=\"init\">\n<fieldset class=\"hidden-fields-container\"><input type=\"hidden\" name=\"_wpcf7\" value=\"9500\" \/><input type=\"hidden\" name=\"_wpcf7_version\" value=\"6.1.5\" \/><input type=\"hidden\" name=\"_wpcf7_locale\" value=\"ca\" \/><input type=\"hidden\" name=\"_wpcf7_unit_tag\" value=\"wpcf7-f9500-o1\" \/><input type=\"hidden\" name=\"_wpcf7_container_post\" value=\"0\" \/><input type=\"hidden\" name=\"_wpcf7_posted_data_hash\" value=\"\" \/>\n<\/fieldset>\n<p><label> El teu nom <span class=\"wpcf7-form-control-wrap\" data-name=\"your-name\"><input size=\"40\" maxlength=\"400\" class=\"wpcf7-form-control wpcf7-text wpcf7-validates-as-required\" autocomplete=\"name\" aria-required=\"true\" aria-invalid=\"false\" value=\"\" type=\"text\" name=\"your-name\" \/><\/span> <\/label>\n<\/p>\n<p><label> El teu correu electr\u00f2nic <span class=\"wpcf7-form-control-wrap\" data-name=\"your-email\"><input size=\"40\" maxlength=\"400\" class=\"wpcf7-form-control wpcf7-email wpcf7-validates-as-required wpcf7-text wpcf7-validates-as-email\" autocomplete=\"email\" aria-required=\"true\" aria-invalid=\"false\" value=\"\" type=\"email\" name=\"your-email\" \/><\/span> <\/label>\n<\/p>\n<p><label> El teu missatge (opcional) <span class=\"wpcf7-form-control-wrap\" data-name=\"your-message\"><textarea cols=\"40\" rows=\"10\" maxlength=\"2000\" class=\"wpcf7-form-control wpcf7-textarea\" aria-invalid=\"false\" name=\"your-message\"><\/textarea><\/span> <\/label>\n<\/p>\n<p><input class=\"wpcf7-form-control wpcf7-submit has-spinner\" type=\"submit\" value=\"Enviar\" \/>\n<\/p><div class=\"wpcf7-response-output\" aria-hidden=\"true\"><\/div>\n<\/form>\n<\/div>\n<\/div><\/div><\/div><\/div><\/div><\/section><section class=\"l-section wpb_row height_auto width_full\"><div class=\"l-section-h i-cf\"><div class=\"g-cols vc_row via_grid cols_2-1 laptops-cols_inherit tablets-cols_1 mobiles-cols_1 valign_top type_default stacking_default\" style=\"--columns-gap:0rem;\"><div class=\"wpb_column vc_column_container us_custom_8f4479a9\"><div class=\"vc_column-inner\"><div class=\"g-cols wpb_row via_grid cols_1 laptops-cols_1 tablets-cols_1 mobiles-cols_1 valign_middle type_default stacking_default\" style=\"--columns-gap:3rem;\"><div class=\"wpb_column vc_column_container\"><div class=\"vc_column-inner\"><div class=\"wpb_text_column\"><div class=\"wpb_wrapper\"><h2>Com saber si tinc ansietat social o timidesa?<\/h2>\n<p>L&#8217;ansietat o la f\u00f2bia social es caracteritza per un <strong>comportament disfuncional en la interacci\u00f3 amb les altres<\/strong> persones en tots els \u00e0mbits, evitant en la mesura del possible relacionar-se amb altres persones. En canvi, una persona t\u00edmida, es relacionar\u00e0 amb les altres persones de manera m\u00e9s passiva, per\u00f2 continuar\u00e0 intentant fer-ho malgrat les possibles dificultats que presenti en fer-ho. Una persona amb f\u00f2bia social podria evitar tant s\u00ed com no aquestes situacions.<\/p>\n<h2>La psicologia pot tractar la f\u00f2bia o ansietat social?<\/h2>\n<section class=\"elementor-section elementor-top-section elementor-element elementor-element-95b87c2 elementor-section-boxed elementor-section-height-default elementor-section-height-default\" data-id=\"95b87c2\" data-element_type=\"section\">\n<div class=\"elementor-container elementor-column-gap-default\">\n<div class=\"elementor-row\">\n<div class=\"elementor-column elementor-col-50 elementor-top-column elementor-element elementor-element-9d7597e\" data-id=\"9d7597e\" data-element_type=\"column\">\n<div class=\"elementor-column-wrap elementor-element-populated\">\n<div class=\"elementor-widget-wrap\">\n<div class=\"elementor-element elementor-element-3f7146b elementor-widget elementor-widget-text-editor\" data-id=\"3f7146b\" data-element_type=\"widget\" data-widget_type=\"text-editor.default\">\n<div class=\"elementor-widget-container\">\n<div class=\"elementor-text-editor elementor-clearfix\">\n<section class=\"elementor-section elementor-top-section elementor-element elementor-element-95b87c2 elementor-section-boxed elementor-section-height-default elementor-section-height-default\" data-id=\"95b87c2\" data-element_type=\"section\">\n<div class=\"elementor-container elementor-column-gap-default\">\n<div class=\"elementor-row\">\n<div class=\"elementor-column elementor-col-50 elementor-top-column elementor-element elementor-element-9d7597e\" data-id=\"9d7597e\" data-element_type=\"column\">\n<div class=\"elementor-column-wrap elementor-element-populated\">\n<div class=\"elementor-widget-wrap\">\n<div class=\"elementor-element elementor-element-3f7146b elementor-widget elementor-widget-text-editor\" data-id=\"3f7146b\" data-element_type=\"widget\" data-widget_type=\"text-editor.default\">\n<div class=\"elementor-widget-container\">\n<div class=\"elementor-text-editor elementor-clearfix\">\n<p>S\u00ed. Primer comen\u00e7a una avaluaci\u00f3 de la problem\u00e0tica de la persona per descartar altres trastorns o dificultats. Un cop confirmat aquest trastorn, mitjan\u00e7ant l&#8217;an\u00e0lisi funcional del comportament, <strong>es posaran uns objectius i uns passos en la intervenci\u00f3 per tal de millorar o solucionar la problem\u00e0tica de la persona.<\/strong><\/p>\n<\/div>\n<\/div>\n<\/div>\n<\/div>\n<\/div>\n<\/div>\n<\/div>\n<\/div>\n<\/section>\n<section class=\"elementor-section elementor-top-section elementor-element elementor-element-4d1f73e2 elementor-section-boxed elementor-section-height-default elementor-section-height-default\" data-id=\"4d1f73e2\" data-element_type=\"section\" data-settings=\"{\"background_background\":\"classic\"}\">\n<div class=\"elementor-container elementor-column-gap-default\">\n<div class=\"elementor-row\">\n<div class=\"elementor-column elementor-col-50 elementor-top-column elementor-element elementor-element-12a769d0\" data-id=\"12a769d0\" data-element_type=\"column\">\n<div class=\"elementor-column-wrap elementor-element-populated\">\n<div class=\"elementor-widget-wrap\">\n<div class=\"elementor-element elementor-element-2e33e06b elementor-widget elementor-widget-heading\" data-id=\"2e33e06b\" data-element_type=\"widget\" data-widget_type=\"heading.default\">\n<div class=\"elementor-widget-container\"><\/div>\n<\/div>\n<\/div>\n<\/div>\n<\/div>\n<\/div>\n<\/div>\n<\/section>\n<\/div>\n<\/div>\n<\/div>\n<\/div>\n<\/div>\n<\/div>\n<\/div>\n<\/div>\n<\/section>\n<section class=\"elementor-section elementor-top-section elementor-element elementor-element-4d1f73e2 elementor-section-boxed elementor-section-height-default elementor-section-height-default\" data-id=\"4d1f73e2\" data-element_type=\"section\" data-settings=\"{\"background_background\":\"classic\"}\">\n<div class=\"elementor-container elementor-column-gap-default\">\n<div class=\"elementor-row\">\n<div class=\"elementor-column elementor-col-50 elementor-top-column elementor-element elementor-element-12a769d0\" data-id=\"12a769d0\" data-element_type=\"column\">\n<div class=\"elementor-column-wrap elementor-element-populated\">\n<div class=\"elementor-widget-wrap\">\n<div class=\"elementor-element elementor-element-2e33e06b elementor-widget elementor-widget-heading\" data-id=\"2e33e06b\" data-element_type=\"widget\" data-widget_type=\"heading.default\">\n<div class=\"elementor-widget-container\"><\/div>\n<\/div>\n<\/div>\n<\/div>\n<\/div>\n<\/div>\n<\/div>\n<\/section>\n<\/div><\/div><\/div><\/div><\/div><\/div><\/div><div class=\"wpb_column vc_column_container us_custom_6ea8c5b0 hide_on_tablets hide_on_mobiles has_bg_color\"><div class=\"vc_column-inner\"><\/div><\/div><\/div><\/div><\/section><section class=\"l-section wpb_row height_small\"><div class=\"l-section-h i-cf\"><div class=\"g-cols vc_row via_grid cols_1 laptops-cols_inherit tablets-cols_inherit mobiles-cols_1 valign_top type_default stacking_default\"><div class=\"wpb_column vc_column_container\"><div class=\"vc_column-inner\"><div class=\"wpb_text_column\"><div class=\"wpb_wrapper\"><h2 style=\"text-align: center;\">Qu\u00e8 opinen els nostres pacients?<\/h2>\n<\/div><\/div><div class=\"w-separator size_medium\"><\/div><div class=\"w-html\">[trustindex no-registration=\"google\"]<\/div><\/div><\/div><\/div><\/div><\/section><section class=\"l-section wpb_row us_custom_48d51c35 height_small\"><div class=\"l-section-h i-cf\"><div class=\"g-cols vc_row via_grid cols_2 laptops-cols_inherit tablets-cols_2 mobiles-cols_2 valign_top type_default stacking_default\" style=\"--columns-gap:20px;\"><div class=\"wpb_column vc_column_container us_custom_0ab2621b has_bg_color\"><div class=\"vc_column-inner\"><div class=\"w-iconbox iconpos_left style_circle color_primary align_left\"><div class=\"w-iconbox-icon\" style=\"font-size:30px;\"><i class=\"fas fa-user\"><\/i><\/div><div class=\"w-iconbox-meta\"><h2 class=\"w-iconbox-title\" style=\"font-size:28px;\">Ter\u00e0pia per a la f\u00f2bia social a Sabadell<\/h2><div class=\"w-iconbox-text\"><div class=\"elementor-price-table__price\" style=\"text-align: left;\"><span class=\"elementor-price-table__integer-part\">60<\/span> <span class=\"elementor-price-table__currency elementor-currency--after\">\u20ac\/<\/span> <span class=\"elementor-price-table__period elementor-typo-excluded\">Sessi\u00f3<\/span><\/div>\n<div class=\"elementor-price-table__feature-inner\" style=\"text-align: left;\"><strong>Primera Visita Gratu\u00efta<\/strong><\/div>\n<\/div><\/div><\/div><div class=\"w-separator size_small\"><\/div><\/div><\/div><div class=\"wpb_column vc_column_container us_custom_0ab2621b has_bg_color\"><div class=\"vc_column-inner\"><div class=\"w-iconbox iconpos_left style_circle color_primary align_left\"><div class=\"w-iconbox-icon\" style=\"font-size:30px;\"><i class=\"fas fa-user-headset\"><\/i><\/div><div class=\"w-iconbox-meta\"><h2 class=\"w-iconbox-title\" style=\"font-size:28px;\">Ter\u00e0pia per a la f\u00f2bia social Online<\/h2><div class=\"w-iconbox-text\"><div class=\"elementor-price-table__price\" style=\"text-align: left;\"><span class=\"elementor-price-table__integer-part\">60<\/span> <span class=\"elementor-price-table__currency elementor-currency--after\">\u20ac\/<\/span> <span class=\"elementor-price-table__period elementor-typo-excluded\">Sessi\u00f3<\/span><\/div>\n<div class=\"elementor-price-table__feature-inner\" style=\"text-align: left;\"><strong>Primera Visita Gratu\u00efta<\/strong><\/div>\n<\/div><\/div><\/div><div class=\"w-separator size_small\"><\/div><\/div><\/div><\/div><\/div><\/section>\n","protected":false},"excerpt":{"rendered":"Tractament de F\u00f2bies socials a Sabadell Psic\u00f2legs a SabadellP\u00e0ginesDemanar cita amb els nostres psic\u00f2legsValorat amb (+ de 90 ressenyes a Google ). Qu\u00e8 \u00e9s una f\u00f2bia social? La f\u00f2bia social \u00e9s un trastorn de l&#8217;ansietat caracteritzat per un temor intens i persistent al judici de les altres persones en diferents \u00e0mbits i situacions. Com es...","protected":false},"author":1,"featured_media":0,"parent":0,"menu_order":0,"comment_status":"closed","ping_status":"closed","template":"","meta":{"footnotes":""},"class_list":["post-9462","page","type-page","status-publish","hentry"],"yoast_head":"<!-- This site is optimized with the Yoast SEO plugin v27.5 - https:\/\/yoast.com\/product\/yoast-seo-wordpress\/ -->\n<title>Ter\u00e0pies per a F\u00f2bies socials | Psic\u00f2legs InSight Sabadell<\/title>\n<meta name=\"description\" content=\"Superar la f\u00f2bia social no sempre \u00e9s f\u00e0cil. Acudeix als nostres psic\u00f2legs experts en ter\u00e0pies i tractaments f\u00f2bies socials.\" \/>\n<meta name=\"robots\" content=\"index, follow, max-snippet:-1, max-image-preview:large, max-video-preview:-1\" \/>\n<link rel=\"canonical\" href=\"https:\/\/www.centreinsight.es\/ca\/tractament-de-fobies-socials-a-sabadell\/\" \/>\n<meta property=\"og:locale\" content=\"ca_ES\" \/>\n<meta property=\"og:type\" content=\"article\" \/>\n<meta property=\"og:title\" content=\"Ter\u00e0pies per a F\u00f2bies socials | Psic\u00f2legs InSight Sabadell\" \/>\n<meta property=\"og:description\" content=\"Superar la f\u00f2bia social no sempre \u00e9s f\u00e0cil. Acudeix als nostres psic\u00f2legs experts en ter\u00e0pies i tractaments f\u00f2bies socials.\" \/>\n<meta property=\"og:url\" content=\"https:\/\/www.centreinsight.es\/ca\/tractament-de-fobies-socials-a-sabadell\/\" \/>\n<meta property=\"og:site_name\" content=\"Centre Insight\" \/>\n<meta property=\"article:publisher\" content=\"https:\/\/www.facebook.com\/centrepsicologiainsight\" \/>\n<meta property=\"article:modified_time\" content=\"2025-11-26T13:24:47+00:00\" \/>\n<meta name=\"twitter:card\" content=\"summary_large_image\" \/>\n<meta name=\"twitter:site\" content=\"@Insightsbd\" \/>\n<meta name=\"twitter:label1\" content=\"Temps estimat de lectura\" \/>\n\t<meta name=\"twitter:data1\" content=\"5 minuts\" \/>\n<script type=\"application\/ld+json\" class=\"yoast-schema-graph\">{\"@context\":\"https:\\\/\\\/schema.org\",\"@graph\":[{\"@type\":\"WebPage\",\"@id\":\"https:\\\/\\\/www.centreinsight.es\\\/ca\\\/tractament-de-fobies-socials-a-sabadell\\\/\",\"url\":\"https:\\\/\\\/www.centreinsight.es\\\/ca\\\/tractament-de-fobies-socials-a-sabadell\\\/\",\"name\":\"Ter\u00e0pies per a F\u00f2bies socials | Psic\u00f2legs InSight Sabadell\",\"isPartOf\":{\"@id\":\"https:\\\/\\\/www.centreinsight.es\\\/ca\\\/#website\"},\"datePublished\":\"2024-06-27T09:00:18+00:00\",\"dateModified\":\"2025-11-26T13:24:47+00:00\",\"description\":\"Superar la f\u00f2bia social no sempre \u00e9s f\u00e0cil. Acudeix als nostres psic\u00f2legs experts en ter\u00e0pies i tractaments f\u00f2bies socials.\",\"breadcrumb\":{\"@id\":\"https:\\\/\\\/www.centreinsight.es\\\/ca\\\/tractament-de-fobies-socials-a-sabadell\\\/#breadcrumb\"},\"inLanguage\":\"ca\",\"potentialAction\":[{\"@type\":\"ReadAction\",\"target\":[\"https:\\\/\\\/www.centreinsight.es\\\/ca\\\/tractament-de-fobies-socials-a-sabadell\\\/\"]}]},{\"@type\":\"BreadcrumbList\",\"@id\":\"https:\\\/\\\/www.centreinsight.es\\\/ca\\\/tractament-de-fobies-socials-a-sabadell\\\/#breadcrumb\",\"itemListElement\":[{\"@type\":\"ListItem\",\"position\":1,\"name\":\"Psic\u00f3logo en Sabadell\",\"item\":\"https:\\\/\\\/www.centreinsight.es\\\/ca\\\/\"},{\"@type\":\"ListItem\",\"position\":2,\"name\":\"Tractament de F\u00f2bies socials a Sabadell\"}]},{\"@type\":\"WebSite\",\"@id\":\"https:\\\/\\\/www.centreinsight.es\\\/ca\\\/#website\",\"url\":\"https:\\\/\\\/www.centreinsight.es\\\/ca\\\/\",\"name\":\"Centre Insight\",\"description\":\"Centro de psic\u00f3logos en Sabadell\",\"potentialAction\":[{\"@type\":\"SearchAction\",\"target\":{\"@type\":\"EntryPoint\",\"urlTemplate\":\"https:\\\/\\\/www.centreinsight.es\\\/ca\\\/?s={search_term_string}\"},\"query-input\":{\"@type\":\"PropertyValueSpecification\",\"valueRequired\":true,\"valueName\":\"search_term_string\"}}],\"inLanguage\":\"ca\"}]}<\/script>\n<!-- \/ Yoast SEO plugin. -->","yoast_head_json":{"title":"Ter\u00e0pies per a F\u00f2bies socials | Psic\u00f2legs InSight Sabadell","description":"Superar la f\u00f2bia social no sempre \u00e9s f\u00e0cil. Acudeix als nostres psic\u00f2legs experts en ter\u00e0pies i tractaments f\u00f2bies socials.","robots":{"index":"index","follow":"follow","max-snippet":"max-snippet:-1","max-image-preview":"max-image-preview:large","max-video-preview":"max-video-preview:-1"},"canonical":"https:\/\/www.centreinsight.es\/ca\/tractament-de-fobies-socials-a-sabadell\/","og_locale":"ca_ES","og_type":"article","og_title":"Ter\u00e0pies per a F\u00f2bies socials | Psic\u00f2legs InSight Sabadell","og_description":"Superar la f\u00f2bia social no sempre \u00e9s f\u00e0cil. Acudeix als nostres psic\u00f2legs experts en ter\u00e0pies i tractaments f\u00f2bies socials.","og_url":"https:\/\/www.centreinsight.es\/ca\/tractament-de-fobies-socials-a-sabadell\/","og_site_name":"Centre Insight","article_publisher":"https:\/\/www.facebook.com\/centrepsicologiainsight","article_modified_time":"2025-11-26T13:24:47+00:00","twitter_card":"summary_large_image","twitter_site":"@Insightsbd","twitter_misc":{"Temps estimat de lectura":"5 minuts"},"schema":{"@context":"https:\/\/schema.org","@graph":[{"@type":"WebPage","@id":"https:\/\/www.centreinsight.es\/ca\/tractament-de-fobies-socials-a-sabadell\/","url":"https:\/\/www.centreinsight.es\/ca\/tractament-de-fobies-socials-a-sabadell\/","name":"Ter\u00e0pies per a F\u00f2bies socials | Psic\u00f2legs InSight Sabadell","isPartOf":{"@id":"https:\/\/www.centreinsight.es\/ca\/#website"},"datePublished":"2024-06-27T09:00:18+00:00","dateModified":"2025-11-26T13:24:47+00:00","description":"Superar la f\u00f2bia social no sempre \u00e9s f\u00e0cil. Acudeix als nostres psic\u00f2legs experts en ter\u00e0pies i tractaments f\u00f2bies socials.","breadcrumb":{"@id":"https:\/\/www.centreinsight.es\/ca\/tractament-de-fobies-socials-a-sabadell\/#breadcrumb"},"inLanguage":"ca","potentialAction":[{"@type":"ReadAction","target":["https:\/\/www.centreinsight.es\/ca\/tractament-de-fobies-socials-a-sabadell\/"]}]},{"@type":"BreadcrumbList","@id":"https:\/\/www.centreinsight.es\/ca\/tractament-de-fobies-socials-a-sabadell\/#breadcrumb","itemListElement":[{"@type":"ListItem","position":1,"name":"Psic\u00f3logo en Sabadell","item":"https:\/\/www.centreinsight.es\/ca\/"},{"@type":"ListItem","position":2,"name":"Tractament de F\u00f2bies socials a Sabadell"}]},{"@type":"WebSite","@id":"https:\/\/www.centreinsight.es\/ca\/#website","url":"https:\/\/www.centreinsight.es\/ca\/","name":"Centre Insight","description":"Centro de psic\u00f3logos en Sabadell","potentialAction":[{"@type":"SearchAction","target":{"@type":"EntryPoint","urlTemplate":"https:\/\/www.centreinsight.es\/ca\/?s={search_term_string}"},"query-input":{"@type":"PropertyValueSpecification","valueRequired":true,"valueName":"search_term_string"}}],"inLanguage":"ca"}]}},"_links":{"self":[{"href":"https:\/\/www.centreinsight.es\/ca\/wp-json\/wp\/v2\/pages\/9462","targetHints":{"allow":["GET"]}}],"collection":[{"href":"https:\/\/www.centreinsight.es\/ca\/wp-json\/wp\/v2\/pages"}],"about":[{"href":"https:\/\/www.centreinsight.es\/ca\/wp-json\/wp\/v2\/types\/page"}],"author":[{"embeddable":true,"href":"https:\/\/www.centreinsight.es\/ca\/wp-json\/wp\/v2\/users\/1"}],"replies":[{"embeddable":true,"href":"https:\/\/www.centreinsight.es\/ca\/wp-json\/wp\/v2\/comments?post=9462"}],"version-history":[{"count":4,"href":"https:\/\/www.centreinsight.es\/ca\/wp-json\/wp\/v2\/pages\/9462\/revisions"}],"predecessor-version":[{"id":11146,"href":"https:\/\/www.centreinsight.es\/ca\/wp-json\/wp\/v2\/pages\/9462\/revisions\/11146"}],"wp:attachment":[{"href":"https:\/\/www.centreinsight.es\/ca\/wp-json\/wp\/v2\/media?parent=9462"}],"curies":[{"name":"wp","href":"https:\/\/api.w.org\/{rel}","templated":true}]}}