{"id":9761,"date":"2024-06-27T09:11:03","date_gmt":"2024-06-27T09:11:03","guid":{"rendered":"https:\/\/centreinsight.es\/serveis\/terapia-per-millorar-lautoestima-a-sabadell\/"},"modified":"2025-11-26T13:02:29","modified_gmt":"2025-11-26T13:02:29","slug":"terapia-per-millorar-lautoestima-a-sabadell","status":"publish","type":"page","link":"https:\/\/www.centreinsight.es\/ca\/serveis\/terapia-per-millorar-lautoestima-a-sabadell\/","title":{"rendered":"Ter\u00e0pia per millorar l&#8217;autoestima a sabadell"},"content":{"rendered":"<section class=\"l-section wpb_row height_small color_primary with_img\"><div class=\"l-section-img\" role=\"img\" aria-label=\"Imatge\" data-img-width=\"1620\" data-img-height=\"1080\" style=\"background-image: url(https:\/\/www.centreinsight.es\/wp-content\/uploads\/2024\/06\/Centreinsight-online-14-scaled-e1602847034637.jpg);\"><\/div><div class=\"l-section-overlay\" style=\"background:var(--color-header-top-transparent-bg)\"><\/div><div class=\"l-section-h i-cf\"><div class=\"g-cols vc_row via_grid cols_1 laptops-cols_inherit tablets-cols_inherit mobiles-cols_1 valign_top type_default stacking_default\"><div class=\"wpb_column vc_column_container\"><div class=\"vc_column-inner\"><div class=\"w-separator size_small\"><\/div><div class=\"wpb_text_column\"><div class=\"wpb_wrapper\"><h1 style=\"text-align: center;\">Ter\u00e0pia per millorar l&#8217;autoestima a Sabadell<\/h1>\n<\/div><\/div><nav class=\"g-breadcrumbs separator_icon align_center hide_current\" itemscope itemtype=\"http:\/\/schema.org\/BreadcrumbList\"><div class=\"g-breadcrumbs-item\" itemscope itemprop=\"itemListElement\" itemtype=\"http:\/\/schema.org\/ListItem\"><a itemprop=\"item\" href=\"https:\/\/www.centreinsight.es\/ca\/\"><span itemprop=\"name\">Psic\u00f2legs a Sabadell<\/span><\/a><meta itemprop=\"position\" content=\"1\"\/><\/div><div class=\"g-breadcrumbs-separator\"><i class=\"far fa-angle-right\"><\/i><\/div><div class=\"g-breadcrumbs-item\">P\u00e0gines<\/div><\/nav><div class=\"w-separator size_medium\"><\/div><div class=\"w-btn-wrapper align_center\"><a class=\"w-btn us-btn-style_1\" href=\"https:\/\/centreinsight.es\/contacto\/\"><span class=\"w-btn-label\">Demanar cita amb els nostres psic\u00f2legs<\/span><\/a><\/div><\/div><\/div><\/div><\/div><\/section><section class=\"l-section wpb_row height_small\"><div class=\"l-section-h i-cf\"><div class=\"g-cols vc_row via_grid cols_2 laptops-cols_inherit tablets-cols_inherit mobiles-cols_1 valign_top type_default stacking_default\"><div class=\"wpb_column vc_column_container\"><div class=\"vc_column-inner\"><div class=\"w-separator size_medium\"><\/div><div class=\"wpb_text_column\"><div class=\"wpb_wrapper\"><h2>Quins s\u00f3n els s\u00edmptomes de la baixa autoestima?<\/h2>\n<p>Valorat amb  <i class=\"fas fa-star\" style=\"color: #e3e30e;\"><\/i><i class=\"fas fa-star\" style=\"color: #e3e30e;\"><\/i><i class=\"fas fa-star\" style=\"color: #e3e30e;\"><i class=\"fas fa-star\" style=\"color: #e3e30e;\"><\/i><\/i><i class=\"fas fa-star\" style=\"color: #e3e30e;\"><\/i>(+ de <strong>90 ressenyes a Google<\/strong> ).<\/p>\n<p><strong>\u00c9s important ser bona companyia per als altres, per\u00f2 encara m\u00e9s ho \u00e9s ser-ho per a un mateix.  <\/strong>L&#8217;evitaci\u00f3 de la solitud escollida \u00e9s molt com\u00fa en ter\u00e0pia. Persones que refereixen que <strong>volen evitar estar amb si mateixes perqu\u00e8 comencen a produir pensaments desagradables<\/strong> (negatius) sense parar, s&#8217;avorreixen, o <strong>els genera ansietat el fet de la soledat.<\/strong><\/p>\n<h2>Com forma l&#8217;autoestima?<\/h2>\n<div class=\"elementor-column elementor-col-50 elementor-top-column elementor-element elementor-element-89dbef7\" data-id=\"89dbef7\" data-element_type=\"column\">\n<div class=\"elementor-column-wrap elementor-element-populated\">\n<div class=\"elementor-widget-wrap\">\n<div class=\"elementor-element elementor-element-0ef3fdb elementor-widget elementor-widget-text-editor\" data-id=\"0ef3fdb\" data-element_type=\"widget\" data-widget_type=\"text-editor.default\">\n<div class=\"elementor-widget-container\">\n<div class=\"elementor-text-editor elementor-clearfix\">\n<p>Des de la nostra inf\u00e0ncia, cada interacci\u00f3 amb el m\u00f3n i les persones que ens envolten ens ajuden a conformar la nostra manera de ser com a persona adulta.  <strong>Moltes vegades, solem veure la nostra v\u00e0lua tal com els altres ens expressen que som.<\/strong><\/p>\n<\/div>\n<\/div>\n<\/div>\n<\/div>\n<\/div>\n<\/div>\n<\/div><\/div><\/div><\/div><div class=\"wpb_column vc_column_container\"><div class=\"vc_column-inner\"><div class=\"w-separator size_medium\"><\/div><div class=\"wpb_text_column\"><div class=\"wpb_wrapper\"><h2>Contacta amb nosaltres<\/h2>\n<\/div><\/div><div class=\"w-separator size_small\"><\/div><div class=\"w-html\">\n<div class=\"wpcf7 no-js\" id=\"wpcf7-f9500-o1\" lang=\"ca\" dir=\"ltr\" data-wpcf7-id=\"9500\">\n<div class=\"screen-reader-response\"><p role=\"status\" aria-live=\"polite\" aria-atomic=\"true\"><\/p> <ul><\/ul><\/div>\n<form action=\"\/ca\/wp-json\/wp\/v2\/pages\/9761#wpcf7-f9500-o1\" method=\"post\" class=\"wpcf7-form init\" aria-label=\"Formulari de contacte\" novalidate=\"novalidate\" data-status=\"init\">\n<fieldset class=\"hidden-fields-container\"><input type=\"hidden\" name=\"_wpcf7\" value=\"9500\" \/><input type=\"hidden\" name=\"_wpcf7_version\" value=\"6.1.5\" \/><input type=\"hidden\" name=\"_wpcf7_locale\" value=\"ca\" \/><input type=\"hidden\" name=\"_wpcf7_unit_tag\" value=\"wpcf7-f9500-o1\" \/><input type=\"hidden\" name=\"_wpcf7_container_post\" value=\"0\" \/><input type=\"hidden\" name=\"_wpcf7_posted_data_hash\" value=\"\" \/>\n<\/fieldset>\n<p><label> El teu nom <span class=\"wpcf7-form-control-wrap\" data-name=\"your-name\"><input size=\"40\" maxlength=\"400\" class=\"wpcf7-form-control wpcf7-text wpcf7-validates-as-required\" autocomplete=\"name\" aria-required=\"true\" aria-invalid=\"false\" value=\"\" type=\"text\" name=\"your-name\" \/><\/span> <\/label>\n<\/p>\n<p><label> El teu correu electr\u00f2nic <span class=\"wpcf7-form-control-wrap\" data-name=\"your-email\"><input size=\"40\" maxlength=\"400\" class=\"wpcf7-form-control wpcf7-email wpcf7-validates-as-required wpcf7-text wpcf7-validates-as-email\" autocomplete=\"email\" aria-required=\"true\" aria-invalid=\"false\" value=\"\" type=\"email\" name=\"your-email\" \/><\/span> <\/label>\n<\/p>\n<p><label> El teu missatge (opcional) <span class=\"wpcf7-form-control-wrap\" data-name=\"your-message\"><textarea cols=\"40\" rows=\"10\" maxlength=\"2000\" class=\"wpcf7-form-control wpcf7-textarea\" aria-invalid=\"false\" name=\"your-message\"><\/textarea><\/span> <\/label>\n<\/p>\n<p><input class=\"wpcf7-form-control wpcf7-submit has-spinner\" type=\"submit\" value=\"Enviar\" \/>\n<\/p><div class=\"wpcf7-response-output\" aria-hidden=\"true\"><\/div>\n<\/form>\n<\/div>\n<\/div><\/div><\/div><\/div><\/div><\/section><section class=\"l-section wpb_row height_auto width_full\"><div class=\"l-section-h i-cf\"><div class=\"g-cols vc_row via_grid cols_2-1 laptops-cols_inherit tablets-cols_1 mobiles-cols_1 valign_top type_default stacking_default\" style=\"--columns-gap:0rem;\"><div class=\"wpb_column vc_column_container us_custom_8f4479a9\"><div class=\"vc_column-inner\"><div class=\"g-cols wpb_row via_grid cols_1 laptops-cols_1 tablets-cols_1 mobiles-cols_1 valign_middle type_default stacking_default\" style=\"--columns-gap:3rem;\"><div class=\"wpb_column vc_column_container\"><div class=\"vc_column-inner\"><div class=\"wpb_text_column\"><div class=\"wpb_wrapper\"><h2>Ter\u00e0pia per recuperar i augmentar l&#8217;autoestima<\/h2>\n<p>Les persones que no volen estar amb si mateixes moltes vegades expliquen que  <strong>es parlen malament a si mateixes, es critiquen, s&#8217;exigeixen i aix\u00f2 els provoca molt pesar<\/strong> , per la qual cosa  <strong>eviten<\/strong> (generadora d&#8217;ansietat)  <strong>passar temps tot sol.<\/strong><\/p>\n<p>Voldr\u00edem quedar amb alg\u00fa que ens critica, parla malament de nosaltres, no ens compr\u00e8n, no ens vol? No, acostumem a rebutjar aquestes actituds. Per qu\u00e8, per qu\u00e8 voldr\u00edem estar amb nosaltres mateixos si ens tractem malament?<\/p>\n<p>En ter\u00e0pia moltes vegades llancem una pregunta una mica arriscada, <strong>et consideres bona persona?<\/strong> La resposta sol ser que s\u00ed (i ho s\u00f3n), i aleshores en preguntar per qu\u00e8 es consideren bones persones s&#8217;explica totes les <strong>actituds positives i comprensives que mostren cap als altres per\u00f2 no cap a ells mateixos.<\/strong><\/p>\n<\/div><\/div><\/div><\/div><\/div><\/div><\/div><div class=\"wpb_column vc_column_container us_custom_b632109b hide_on_tablets hide_on_mobiles has_bg_color\"><div class=\"vc_column-inner\"><\/div><\/div><\/div><\/div><\/section><section class=\"l-section wpb_row height_small\"><div class=\"l-section-h i-cf\"><div class=\"g-cols vc_row via_grid cols_1 laptops-cols_inherit tablets-cols_inherit mobiles-cols_1 valign_top type_default stacking_default\"><div class=\"wpb_column vc_column_container\"><div class=\"vc_column-inner\"><div class=\"wpb_text_column\"><div class=\"wpb_wrapper\"><h2 style=\"text-align: center;\">Qu\u00e8 opinen els nostres pacients?<\/h2>\n<\/div><\/div><div class=\"w-separator size_medium\"><\/div><div class=\"w-html\">[trustindex no-registration=\"google\"]<\/div><div class=\"w-separator size_medium\"><\/div><div class=\"wpb_text_column\"><div class=\"wpb_wrapper\"><h2 style=\"text-align: center;\">Com millorar la nostra autoestima?<\/h2>\n<p>Com ens parlem, com ens tractem, com ens expliquem, com ens interpretem, com ens perdonem, etc. Totes aquestes actituds parlen de la relaci\u00f3 m\u00e9s important de les nostres vides, la relaci\u00f3 amb un mateix.  <strong>Si ens tractem b\u00e9 voldrem estar m\u00e9s temps amb nosaltres, sin\u00f3, no ser\u00e0 aix\u00ed.<\/strong><\/p>\n<p>L&#8217;activaci\u00f3 conductual (fer activitats agradables) \u00e9s una cosa desitjable i es promou en ter\u00e0pia, tot i que quan patim de baixa autoestima, moltes vegades es vol estar sense fer res. Els s\u00edmptomes que hem comentat solen produir paralitzaci\u00f3, per aix\u00f2 \u00e9s comprensible aquest tipus d&#8217;actitud. Tot i aix\u00ed, <strong>gaudir d&#8217;estar tot sol amb nosaltres mateixos \u00e9s un exercici molt sa que no haur\u00edem d&#8217;evitar.<\/strong><\/p>\n<\/div><\/div><\/div><\/div><\/div><\/div><\/section><section class=\"l-section wpb_row us_custom_48d51c35 height_small\"><div class=\"l-section-h i-cf\"><div class=\"g-cols vc_row via_grid cols_2 laptops-cols_inherit tablets-cols_2 mobiles-cols_2 valign_top type_default stacking_default\" style=\"--columns-gap:20px;\"><div class=\"wpb_column vc_column_container us_custom_0ab2621b has_bg_color\"><div class=\"vc_column-inner\"><div class=\"w-iconbox iconpos_left style_circle color_primary align_left\"><div class=\"w-iconbox-icon\" style=\"font-size:30px;\"><i class=\"fas fa-user\"><\/i><\/div><div class=\"w-iconbox-meta\"><h2 class=\"w-iconbox-title\" style=\"font-size:28px;\">Ter\u00e0pies per a l&apos;autoestima a Sabadell<\/h2><div class=\"w-iconbox-text\"><div class=\"elementor-price-table__price\" style=\"text-align: left;\"><span class=\"elementor-price-table__integer-part\">60<\/span> <span class=\"elementor-price-table__currency elementor-currency--after\">\u20ac\/<\/span> <span class=\"elementor-price-table__period elementor-typo-excluded\">Sessi\u00f3<\/span><\/div>\n<div class=\"elementor-price-table__feature-inner\" style=\"text-align: left;\"><strong>Primera Visita Gratu\u00efta<\/strong><\/div>\n<\/div><\/div><\/div><div class=\"w-separator size_small\"><\/div><\/div><\/div><div class=\"wpb_column vc_column_container us_custom_0ab2621b has_bg_color\"><div class=\"vc_column-inner\"><div class=\"w-iconbox iconpos_left style_circle color_primary align_left\"><div class=\"w-iconbox-icon\" style=\"font-size:30px;\"><i class=\"fas fa-user-headset\"><\/i><\/div><div class=\"w-iconbox-meta\"><h2 class=\"w-iconbox-title\" style=\"font-size:28px;\">Ter\u00e0pies per a l&apos;autoestima Online<\/h2><div class=\"w-iconbox-text\"><div class=\"elementor-price-table__price\" style=\"text-align: left;\"><span class=\"elementor-price-table__integer-part\">60<\/span> <span class=\"elementor-price-table__currency elementor-currency--after\">\u20ac\/<\/span> <span class=\"elementor-price-table__period elementor-typo-excluded\">Sessi\u00f3<\/span><\/div>\n<div class=\"elementor-price-table__feature-inner\" style=\"text-align: left;\"><strong>Primera Visita Gratu\u00efta<\/strong><\/div>\n<\/div><\/div><\/div><div class=\"w-separator size_small\"><\/div><\/div><\/div><\/div><\/div><\/section>\n","protected":false},"excerpt":{"rendered":"Ter\u00e0pia per millorar l&#8217;autoestima a Sabadell Psic\u00f2legs a SabadellP\u00e0ginesDemanar cita amb els nostres psic\u00f2legsQuins s\u00f3n els s\u00edmptomes de la baixa autoestima? Valorat amb (+ de 90 ressenyes a Google ). \u00c9s important ser bona companyia per als altres, per\u00f2 encara m\u00e9s ho \u00e9s ser-ho per a un mateix. L&#8217;evitaci\u00f3 de la solitud escollida \u00e9s molt...","protected":false},"author":1,"featured_media":0,"parent":9461,"menu_order":0,"comment_status":"closed","ping_status":"closed","template":"","meta":{"footnotes":""},"class_list":["post-9761","page","type-page","status-publish","hentry"],"yoast_head":"<!-- This site is optimized with the Yoast SEO plugin v27.5 - https:\/\/yoast.com\/product\/yoast-seo-wordpress\/ -->\n<title>Ter\u00e0pia per millorar autoestima a Sabadell | InSight<\/title>\n<meta name=\"description\" content=\"A Centre InSight estem especialitzats en tractar problemes emocionals com ara la manca d&#039;autoestima. Aneu als nostres psic\u00f2legs!\" \/>\n<meta name=\"robots\" content=\"index, follow, max-snippet:-1, max-image-preview:large, max-video-preview:-1\" \/>\n<link rel=\"canonical\" href=\"https:\/\/www.centreinsight.es\/ca\/serveis\/terapia-per-millorar-lautoestima-a-sabadell\/\" \/>\n<meta property=\"og:locale\" content=\"ca_ES\" \/>\n<meta property=\"og:type\" content=\"article\" \/>\n<meta property=\"og:title\" content=\"Ter\u00e0pia per millorar autoestima a Sabadell | InSight\" \/>\n<meta property=\"og:description\" content=\"A Centre InSight estem especialitzats en tractar problemes emocionals com ara la manca d&#039;autoestima. Aneu als nostres psic\u00f2legs!\" \/>\n<meta property=\"og:url\" content=\"https:\/\/www.centreinsight.es\/ca\/serveis\/terapia-per-millorar-lautoestima-a-sabadell\/\" \/>\n<meta property=\"og:site_name\" content=\"Centre Insight\" \/>\n<meta property=\"article:publisher\" content=\"https:\/\/www.facebook.com\/centrepsicologiainsight\" \/>\n<meta property=\"article:modified_time\" content=\"2025-11-26T13:02:29+00:00\" \/>\n<meta name=\"twitter:card\" content=\"summary_large_image\" \/>\n<meta name=\"twitter:site\" content=\"@Insightsbd\" \/>\n<meta name=\"twitter:label1\" content=\"Temps estimat de lectura\" \/>\n\t<meta name=\"twitter:data1\" content=\"5 minuts\" \/>\n<script type=\"application\/ld+json\" class=\"yoast-schema-graph\">{\"@context\":\"https:\\\/\\\/schema.org\",\"@graph\":[{\"@type\":\"WebPage\",\"@id\":\"https:\\\/\\\/www.centreinsight.es\\\/ca\\\/serveis\\\/terapia-per-millorar-lautoestima-a-sabadell\\\/\",\"url\":\"https:\\\/\\\/www.centreinsight.es\\\/ca\\\/serveis\\\/terapia-per-millorar-lautoestima-a-sabadell\\\/\",\"name\":\"Ter\u00e0pia per millorar autoestima a Sabadell | InSight\",\"isPartOf\":{\"@id\":\"https:\\\/\\\/www.centreinsight.es\\\/ca\\\/#website\"},\"datePublished\":\"2024-06-27T09:11:03+00:00\",\"dateModified\":\"2025-11-26T13:02:29+00:00\",\"description\":\"A Centre InSight estem especialitzats en tractar problemes emocionals com ara la manca d'autoestima. Aneu als nostres psic\u00f2legs!\",\"breadcrumb\":{\"@id\":\"https:\\\/\\\/www.centreinsight.es\\\/ca\\\/serveis\\\/terapia-per-millorar-lautoestima-a-sabadell\\\/#breadcrumb\"},\"inLanguage\":\"ca\",\"potentialAction\":[{\"@type\":\"ReadAction\",\"target\":[\"https:\\\/\\\/www.centreinsight.es\\\/ca\\\/serveis\\\/terapia-per-millorar-lautoestima-a-sabadell\\\/\"]}]},{\"@type\":\"BreadcrumbList\",\"@id\":\"https:\\\/\\\/www.centreinsight.es\\\/ca\\\/serveis\\\/terapia-per-millorar-lautoestima-a-sabadell\\\/#breadcrumb\",\"itemListElement\":[{\"@type\":\"ListItem\",\"position\":1,\"name\":\"Psic\u00f3logo en Sabadell\",\"item\":\"https:\\\/\\\/www.centreinsight.es\\\/ca\\\/\"},{\"@type\":\"ListItem\",\"position\":2,\"name\":\"Serveis\",\"item\":\"https:\\\/\\\/www.centreinsight.es\\\/ca\\\/servicios\\\/\"},{\"@type\":\"ListItem\",\"position\":3,\"name\":\"Ter\u00e0pia per millorar l&#8217;autoestima a sabadell\"}]},{\"@type\":\"WebSite\",\"@id\":\"https:\\\/\\\/www.centreinsight.es\\\/ca\\\/#website\",\"url\":\"https:\\\/\\\/www.centreinsight.es\\\/ca\\\/\",\"name\":\"Centre Insight\",\"description\":\"Centro de psic\u00f3logos en Sabadell\",\"potentialAction\":[{\"@type\":\"SearchAction\",\"target\":{\"@type\":\"EntryPoint\",\"urlTemplate\":\"https:\\\/\\\/www.centreinsight.es\\\/ca\\\/?s={search_term_string}\"},\"query-input\":{\"@type\":\"PropertyValueSpecification\",\"valueRequired\":true,\"valueName\":\"search_term_string\"}}],\"inLanguage\":\"ca\"}]}<\/script>\n<!-- \/ Yoast SEO plugin. -->","yoast_head_json":{"title":"Ter\u00e0pia per millorar autoestima a Sabadell | InSight","description":"A Centre InSight estem especialitzats en tractar problemes emocionals com ara la manca d'autoestima. Aneu als nostres psic\u00f2legs!","robots":{"index":"index","follow":"follow","max-snippet":"max-snippet:-1","max-image-preview":"max-image-preview:large","max-video-preview":"max-video-preview:-1"},"canonical":"https:\/\/www.centreinsight.es\/ca\/serveis\/terapia-per-millorar-lautoestima-a-sabadell\/","og_locale":"ca_ES","og_type":"article","og_title":"Ter\u00e0pia per millorar autoestima a Sabadell | InSight","og_description":"A Centre InSight estem especialitzats en tractar problemes emocionals com ara la manca d'autoestima. Aneu als nostres psic\u00f2legs!","og_url":"https:\/\/www.centreinsight.es\/ca\/serveis\/terapia-per-millorar-lautoestima-a-sabadell\/","og_site_name":"Centre Insight","article_publisher":"https:\/\/www.facebook.com\/centrepsicologiainsight","article_modified_time":"2025-11-26T13:02:29+00:00","twitter_card":"summary_large_image","twitter_site":"@Insightsbd","twitter_misc":{"Temps estimat de lectura":"5 minuts"},"schema":{"@context":"https:\/\/schema.org","@graph":[{"@type":"WebPage","@id":"https:\/\/www.centreinsight.es\/ca\/serveis\/terapia-per-millorar-lautoestima-a-sabadell\/","url":"https:\/\/www.centreinsight.es\/ca\/serveis\/terapia-per-millorar-lautoestima-a-sabadell\/","name":"Ter\u00e0pia per millorar autoestima a Sabadell | InSight","isPartOf":{"@id":"https:\/\/www.centreinsight.es\/ca\/#website"},"datePublished":"2024-06-27T09:11:03+00:00","dateModified":"2025-11-26T13:02:29+00:00","description":"A Centre InSight estem especialitzats en tractar problemes emocionals com ara la manca d'autoestima. Aneu als nostres psic\u00f2legs!","breadcrumb":{"@id":"https:\/\/www.centreinsight.es\/ca\/serveis\/terapia-per-millorar-lautoestima-a-sabadell\/#breadcrumb"},"inLanguage":"ca","potentialAction":[{"@type":"ReadAction","target":["https:\/\/www.centreinsight.es\/ca\/serveis\/terapia-per-millorar-lautoestima-a-sabadell\/"]}]},{"@type":"BreadcrumbList","@id":"https:\/\/www.centreinsight.es\/ca\/serveis\/terapia-per-millorar-lautoestima-a-sabadell\/#breadcrumb","itemListElement":[{"@type":"ListItem","position":1,"name":"Psic\u00f3logo en Sabadell","item":"https:\/\/www.centreinsight.es\/ca\/"},{"@type":"ListItem","position":2,"name":"Serveis","item":"https:\/\/www.centreinsight.es\/ca\/servicios\/"},{"@type":"ListItem","position":3,"name":"Ter\u00e0pia per millorar l&#8217;autoestima a sabadell"}]},{"@type":"WebSite","@id":"https:\/\/www.centreinsight.es\/ca\/#website","url":"https:\/\/www.centreinsight.es\/ca\/","name":"Centre Insight","description":"Centro de psic\u00f3logos en Sabadell","potentialAction":[{"@type":"SearchAction","target":{"@type":"EntryPoint","urlTemplate":"https:\/\/www.centreinsight.es\/ca\/?s={search_term_string}"},"query-input":{"@type":"PropertyValueSpecification","valueRequired":true,"valueName":"search_term_string"}}],"inLanguage":"ca"}]}},"_links":{"self":[{"href":"https:\/\/www.centreinsight.es\/ca\/wp-json\/wp\/v2\/pages\/9761","targetHints":{"allow":["GET"]}}],"collection":[{"href":"https:\/\/www.centreinsight.es\/ca\/wp-json\/wp\/v2\/pages"}],"about":[{"href":"https:\/\/www.centreinsight.es\/ca\/wp-json\/wp\/v2\/types\/page"}],"author":[{"embeddable":true,"href":"https:\/\/www.centreinsight.es\/ca\/wp-json\/wp\/v2\/users\/1"}],"replies":[{"embeddable":true,"href":"https:\/\/www.centreinsight.es\/ca\/wp-json\/wp\/v2\/comments?post=9761"}],"version-history":[{"count":4,"href":"https:\/\/www.centreinsight.es\/ca\/wp-json\/wp\/v2\/pages\/9761\/revisions"}],"predecessor-version":[{"id":11095,"href":"https:\/\/www.centreinsight.es\/ca\/wp-json\/wp\/v2\/pages\/9761\/revisions\/11095"}],"up":[{"embeddable":true,"href":"https:\/\/www.centreinsight.es\/ca\/wp-json\/wp\/v2\/pages\/9461"}],"wp:attachment":[{"href":"https:\/\/www.centreinsight.es\/ca\/wp-json\/wp\/v2\/media?parent=9761"}],"curies":[{"name":"wp","href":"https:\/\/api.w.org\/{rel}","templated":true}]}}