{"id":9774,"date":"2024-06-10T10:20:51","date_gmt":"2024-06-10T10:20:51","guid":{"rendered":"https:\/\/centreinsight.es\/serveis\/terapia-per-a-la-depressio\/"},"modified":"2026-04-24T11:38:42","modified_gmt":"2026-04-24T11:38:42","slug":"terapia-per-a-la-depressio","status":"publish","type":"page","link":"https:\/\/www.centreinsight.es\/ca\/serveis\/terapia-per-a-la-depressio\/","title":{"rendered":"Ter\u00e0pia per a la depressi\u00f3"},"content":{"rendered":"<section class=\"l-section wpb_row height_small color_primary with_img\"><div class=\"l-section-img\" role=\"img\" aria-label=\"Imatge\" data-img-width=\"1620\" data-img-height=\"1080\" style=\"background-image: url(https:\/\/www.centreinsight.es\/wp-content\/uploads\/2024\/06\/Centreinsight-online-14-scaled-e1602847034637.jpg);\"><\/div><div class=\"l-section-overlay\" style=\"background:var(--color-header-top-transparent-bg)\"><\/div><div class=\"l-section-h i-cf\"><div class=\"g-cols vc_row via_grid cols_1 laptops-cols_inherit tablets-cols_inherit mobiles-cols_1 valign_top type_default stacking_default\"><div class=\"wpb_column vc_column_container\"><div class=\"vc_column-inner\"><div class=\"w-separator size_small\"><\/div><div class=\"wpb_text_column\"><div class=\"wpb_wrapper\"><h1 style=\"text-align: center;\">Ter\u00e0pia per superar la depressi\u00f3 a sabadell<\/h1>\n<\/div><\/div><nav class=\"g-breadcrumbs separator_icon align_center hide_current\" itemscope itemtype=\"http:\/\/schema.org\/BreadcrumbList\"><div class=\"g-breadcrumbs-item\" itemscope itemprop=\"itemListElement\" itemtype=\"http:\/\/schema.org\/ListItem\"><a itemprop=\"item\" href=\"https:\/\/www.centreinsight.es\/ca\/\"><span itemprop=\"name\">Psic\u00f2legs a Sabadell<\/span><\/a><meta itemprop=\"position\" content=\"1\"\/><\/div><div class=\"g-breadcrumbs-separator\"><i class=\"far fa-angle-right\"><\/i><\/div><div class=\"g-breadcrumbs-item\">P\u00e0gines<\/div><\/nav><div class=\"w-separator size_medium\"><\/div><div class=\"w-html\"><script defer async src='https:\/\/cdn.trustindex.io\/loader.js?15a22d1648f6364ca716ad684ed'><\/script><\/div><div class=\"w-btn-wrapper align_center\"><a class=\"w-btn us-btn-style_1\" href=\"https:\/\/centreinsight.es\/contacto\/\"><span class=\"w-btn-label\">Demanar cita amb els nostres psic\u00f2legs<\/span><\/a><\/div><\/div><\/div><\/div><\/div><\/section><section class=\"l-section wpb_row height_small\"><div class=\"l-section-h i-cf\"><div class=\"g-cols vc_row via_grid cols_2 laptops-cols_inherit tablets-cols_inherit mobiles-cols_1 valign_top type_default stacking_default\"><div class=\"wpb_column vc_column_container\"><div class=\"vc_column-inner\"><div class=\"w-separator size_medium\"><\/div><div class=\"wpb_text_column\"><div class=\"wpb_wrapper\"><h2>Especialistes en depressi\u00f3 amb ter\u00e0pies en l\u00ednia i presencials<\/h2>\n<p>Valorat amb  <i class=\"fas fa-star\" style=\"color: #e3e30e;\"><\/i><i class=\"fas fa-star\" style=\"color: #e3e30e;\"><\/i><i class=\"fas fa-star\" style=\"color: #e3e30e;\"><i class=\"fas fa-star\" style=\"color: #e3e30e;\"><\/i><\/i><i class=\"fas fa-star\" style=\"color: #e3e30e;\"><\/i>(+ de <strong>90 ressenyes a Google<\/strong> ).<\/p>\n<p>Al llarg de la nostra vida podem experimentar per\u00edodes m\u00e9s o menys alegres, <strong>estar trist de vegades \u00e9s normal i natural.<\/strong> Aix\u00f2 no obstant, hem de tenir clar que <strong>si aquesta tristesa s&#8217;allarga en el temps podem caure a estar emocionalment inestables<\/strong> i tenir una depressi\u00f3.<\/p>\n<p>La <strong>depressi\u00f3 \u00e9s un trastorn mental que es caracteritza principalment per un estat d&#8217;\u00e0nim baix i un sentiment de tristesa que afecta el comportament, l&#8217;activitat i el pensament.<\/strong><\/p>\n<p>Moltes vegades davant de problemes emocionals les persones solem <strong>evitar el tema<\/strong> i pensar que podem afrontar el que ens passa nosaltres mateixos per\u00f2 la realitat \u00e9s que <strong>quan la depressi\u00f3 interfereix en la nostra vida quotidiana, comptar amb un psic\u00f2leg expert en aquest tipus de ter\u00e0pies ens pot ajudar a agilitzar el proc\u00e9s de superaci\u00f3<\/strong> d\u201faquest estat d\u201f\u00e0nim.<\/p>\n<\/div><\/div><\/div><\/div><div class=\"wpb_column vc_column_container\"><div class=\"vc_column-inner\"><div class=\"w-separator size_medium\"><\/div><div class=\"wpb_text_column\"><div class=\"wpb_wrapper\"><h2>Contacta amb nosaltres<\/h2>\n<\/div><\/div><div class=\"w-separator size_small\"><\/div><div class=\"w-html\">\n<div class=\"wpcf7 no-js\" id=\"wpcf7-f9500-o1\" lang=\"ca\" dir=\"ltr\" data-wpcf7-id=\"9500\">\n<div class=\"screen-reader-response\"><p role=\"status\" aria-live=\"polite\" aria-atomic=\"true\"><\/p> <ul><\/ul><\/div>\n<form action=\"\/ca\/wp-json\/wp\/v2\/pages\/9774#wpcf7-f9500-o1\" method=\"post\" class=\"wpcf7-form init\" aria-label=\"Formulari de contacte\" novalidate=\"novalidate\" data-status=\"init\">\n<fieldset class=\"hidden-fields-container\"><input type=\"hidden\" name=\"_wpcf7\" value=\"9500\" \/><input type=\"hidden\" name=\"_wpcf7_version\" value=\"6.1.5\" \/><input type=\"hidden\" name=\"_wpcf7_locale\" value=\"ca\" \/><input type=\"hidden\" name=\"_wpcf7_unit_tag\" value=\"wpcf7-f9500-o1\" \/><input type=\"hidden\" name=\"_wpcf7_container_post\" value=\"0\" \/><input type=\"hidden\" name=\"_wpcf7_posted_data_hash\" value=\"\" \/>\n<\/fieldset>\n<p><label> El teu nom <span class=\"wpcf7-form-control-wrap\" data-name=\"your-name\"><input size=\"40\" maxlength=\"400\" class=\"wpcf7-form-control wpcf7-text wpcf7-validates-as-required\" autocomplete=\"name\" aria-required=\"true\" aria-invalid=\"false\" value=\"\" type=\"text\" name=\"your-name\" \/><\/span> <\/label>\n<\/p>\n<p><label> El teu correu electr\u00f2nic <span class=\"wpcf7-form-control-wrap\" data-name=\"your-email\"><input size=\"40\" maxlength=\"400\" class=\"wpcf7-form-control wpcf7-email wpcf7-validates-as-required wpcf7-text wpcf7-validates-as-email\" autocomplete=\"email\" aria-required=\"true\" aria-invalid=\"false\" value=\"\" type=\"email\" name=\"your-email\" \/><\/span> <\/label>\n<\/p>\n<p><label> El teu missatge (opcional) <span class=\"wpcf7-form-control-wrap\" data-name=\"your-message\"><textarea cols=\"40\" rows=\"10\" maxlength=\"2000\" class=\"wpcf7-form-control wpcf7-textarea\" aria-invalid=\"false\" name=\"your-message\"><\/textarea><\/span> <\/label>\n<\/p>\n<p><input class=\"wpcf7-form-control wpcf7-submit has-spinner\" type=\"submit\" value=\"Enviar\" \/>\n<\/p><div class=\"wpcf7-response-output\" aria-hidden=\"true\"><\/div>\n<\/form>\n<\/div>\n<\/div><\/div><\/div><\/div><\/div><\/section><section class=\"l-section wpb_row height_auto width_full\"><div class=\"l-section-h i-cf\"><div class=\"g-cols vc_row via_grid cols_2-1 laptops-cols_inherit tablets-cols_1 mobiles-cols_1 valign_top type_default stacking_default\" style=\"--columns-gap:0rem;\"><div class=\"wpb_column vc_column_container us_custom_8f4479a9\"><div class=\"vc_column-inner\"><div class=\"g-cols wpb_row via_grid cols_1 laptops-cols_1 tablets-cols_1 mobiles-cols_1 valign_middle type_default stacking_default\" style=\"--columns-gap:3rem;\"><div class=\"wpb_column vc_column_container\"><div class=\"vc_column-inner\"><div class=\"wpb_text_column\"><div class=\"wpb_wrapper\"><h2>En qu\u00e8 consisteix la Ter\u00e0pia per superar la depressi\u00f3?<\/h2>\n<p>Com  <strong>psic\u00f2legs especialitzats en ter\u00e0pies de depressi\u00f3<\/strong> la nostra principal funci\u00f3 ser\u00e0 acompanyar-te i  <strong>detectar l&#8217;origen d&#8217;aquest estat d&#8217;\u00e0nim<\/strong> per posteriorment ajudar-te a identificar i  <strong>controlar les teves emocions<\/strong> per aconseguir  <strong>tornar a ser feli\u00e7.<\/strong>  T&#8217;ajudarem a recuperar l&#8217;energia que segurament hagis perdut ia reconstruir les ganes per  <strong>continuar amb una vida plena i amb benestar emocional.<\/strong><\/p>\n<section class=\"elementor-section elementor-top-section elementor-element elementor-element-ce1cd41 elementor-section-boxed elementor-section-height-default elementor-section-height-default\" data-id=\"ce1cd41\" data-element_type=\"section\">\n<div class=\"elementor-container elementor-column-gap-default\">\n<div class=\"elementor-row\">\n<div class=\"elementor-column elementor-col-100 elementor-top-column elementor-element elementor-element-712bef7\" data-id=\"712bef7\" data-element_type=\"column\">\n<div class=\"elementor-column-wrap elementor-element-populated\">\n<div class=\"elementor-widget-wrap\">\n<div class=\"elementor-element elementor-element-128af9f elementor-widget elementor-widget-heading\" data-id=\"128af9f\" data-element_type=\"widget\" data-widget_type=\"heading.default\">\n<div class=\"elementor-widget-container\">\n<h2 class=\"elementor-heading-title elementor-size-default\">Quan dura una depressi\u00f3<\/h2>\n<\/div>\n<\/div>\n<div class=\"elementor-element elementor-element-2f123df elementor-widget elementor-widget-text-editor\" data-id=\"2f123df\" data-element_type=\"widget\" data-widget_type=\"text-editor.default\">\n<div class=\"elementor-widget-container\">\n<div class=\"elementor-text-editor elementor-clearfix\">\n<p>Hi ha molt de debat sobre el temps \u201cnormal\u201d en qu\u00e8 una persona pot sentir-se trist i deprimit i patir depressi\u00f3. Al nostre parer, <strong>cada persona t\u00e9 un ritme diferent de superaci\u00f3 i dep\u00e8n de molts factors<\/strong> . El que s\u00ed que \u00e9s que moltes vegades qualsevol factor extern pot influir en el <strong>proc\u00e9s de superaci\u00f3 d&#8217;una depressi\u00f3<\/strong> . Per aix\u00f2 \u00e9s important fer un seguiment i <strong>no recaure en un estat d&#8217;\u00e0nim negatiu.<\/strong><\/p>\n<\/div>\n<\/div>\n<\/div>\n<\/div>\n<\/div>\n<\/div>\n<\/div>\n<\/div>\n<\/section>\n<\/div><\/div><\/div><\/div><\/div><\/div><\/div><div class=\"wpb_column vc_column_container us_custom_8884dc4e hide_on_tablets hide_on_mobiles has_bg_color\"><div class=\"vc_column-inner\"><\/div><\/div><\/div><\/div><\/section><section class=\"l-section wpb_row height_small\"><div class=\"l-section-h i-cf\"><div class=\"g-cols vc_row via_grid cols_1 laptops-cols_inherit tablets-cols_inherit mobiles-cols_1 valign_top type_default stacking_default\"><div class=\"wpb_column vc_column_container\"><div class=\"vc_column-inner\"><div class=\"wpb_text_column\"><div class=\"wpb_wrapper\"><h2 style=\"text-align: center;\">Qu\u00e8 opinen els nostres pacients?<\/h2>\n<\/div><\/div><div class=\"w-separator size_medium\"><\/div><div class=\"w-html\">[trustindex no-registration=\"google\"]<\/div><\/div><\/div><\/div><\/div><\/section><section class=\"l-section wpb_row us_custom_48d51c35 height_small\"><div class=\"l-section-h i-cf\"><div class=\"g-cols vc_row via_grid cols_2 laptops-cols_inherit tablets-cols_2 mobiles-cols_2 valign_top type_default stacking_default\" style=\"--columns-gap:20px;\"><div class=\"wpb_column vc_column_container us_custom_0ab2621b has_bg_color\"><div class=\"vc_column-inner\"><div class=\"w-iconbox iconpos_left style_circle color_primary align_left\"><div class=\"w-iconbox-icon\" style=\"font-size:30px;\"><i class=\"fas fa-user\"><\/i><\/div><div class=\"w-iconbox-meta\"><h2 class=\"w-iconbox-title\" style=\"font-size:28px;\">Ter\u00e0pies per a la depressi\u00f3 a Sabadell<\/h2><div class=\"w-iconbox-text\"><div class=\"elementor-price-table__price\" style=\"text-align: left;\"><span class=\"elementor-price-table__integer-part\">60<\/span> <span class=\"elementor-price-table__currency elementor-currency--after\">\u20ac\/<\/span> <span class=\"elementor-price-table__period elementor-typo-excluded\">Sessi\u00f3<\/span><\/div>\n<div class=\"elementor-price-table__feature-inner\" style=\"text-align: left;\"><strong>Primera Visita Gratu\u00efta<\/strong><\/div>\n<\/div><\/div><\/div><div class=\"w-separator size_small\"><\/div><\/div><\/div><div class=\"wpb_column vc_column_container us_custom_0ab2621b has_bg_color\"><div class=\"vc_column-inner\"><div class=\"w-iconbox iconpos_left style_circle color_primary align_left\"><div class=\"w-iconbox-icon\" style=\"font-size:30px;\"><i class=\"fas fa-user-headset\"><\/i><\/div><div class=\"w-iconbox-meta\"><h2 class=\"w-iconbox-title\" style=\"font-size:28px;\">Ter\u00e0pies per a la depressi\u00f3 Online<\/h2><div class=\"w-iconbox-text\"><div class=\"elementor-price-table__price\" style=\"text-align: left;\"><span class=\"elementor-price-table__integer-part\">60<\/span> <span class=\"elementor-price-table__currency elementor-currency--after\">\u20ac\/<\/span> <span class=\"elementor-price-table__period elementor-typo-excluded\">Sessi\u00f3<\/span><\/div>\n<div class=\"elementor-price-table__feature-inner\" style=\"text-align: left;\"><strong>Primera Visita Gratu\u00efta<\/strong><\/div>\n<\/div><\/div><\/div><div class=\"w-separator size_small\"><\/div><\/div><\/div><\/div><\/div><\/section>\n","protected":false},"excerpt":{"rendered":"Ter\u00e0pia per superar la depressi\u00f3 a sabadell Psic\u00f2legs a SabadellP\u00e0ginesDemanar cita amb els nostres psic\u00f2legsEspecialistes en depressi\u00f3 amb ter\u00e0pies en l\u00ednia i presencials Valorat amb (+ de 90 ressenyes a Google ). Al llarg de la nostra vida podem experimentar per\u00edodes m\u00e9s o menys alegres, estar trist de vegades \u00e9s normal i natural. Aix\u00f2 no...","protected":false},"author":1,"featured_media":0,"parent":9461,"menu_order":0,"comment_status":"closed","ping_status":"closed","template":"","meta":{"footnotes":""},"class_list":["post-9774","page","type-page","status-publish","hentry"],"yoast_head":"<!-- This site is optimized with the Yoast SEO plugin v27.5 - https:\/\/yoast.com\/product\/yoast-seo-wordpress\/ -->\n<title>Ter\u00e0pia per superar una depressi\u00f3 | Centre InSight<\/title>\n<meta name=\"description\" content=\"A Centre InSight estem especialitzats en ter\u00e0pies per controlar les emocions, una \u00e9s la ter\u00e0pia per a la depressi\u00f3.\" \/>\n<meta name=\"robots\" content=\"index, follow, max-snippet:-1, max-image-preview:large, max-video-preview:-1\" \/>\n<link rel=\"canonical\" href=\"https:\/\/www.centreinsight.es\/ca\/serveis\/terapia-per-a-la-depressio\/\" \/>\n<meta property=\"og:locale\" content=\"ca_ES\" \/>\n<meta property=\"og:type\" content=\"article\" \/>\n<meta property=\"og:title\" content=\"Ter\u00e0pia per superar una depressi\u00f3 | Centre InSight\" \/>\n<meta property=\"og:description\" content=\"A Centre InSight estem especialitzats en ter\u00e0pies per controlar les emocions, una \u00e9s la ter\u00e0pia per a la depressi\u00f3.\" \/>\n<meta property=\"og:url\" content=\"https:\/\/www.centreinsight.es\/ca\/serveis\/terapia-per-a-la-depressio\/\" \/>\n<meta property=\"og:site_name\" content=\"Centre Insight\" \/>\n<meta property=\"article:publisher\" content=\"https:\/\/www.facebook.com\/centrepsicologiainsight\" \/>\n<meta property=\"article:modified_time\" content=\"2026-04-24T11:38:42+00:00\" \/>\n<meta name=\"twitter:card\" content=\"summary_large_image\" \/>\n<meta name=\"twitter:site\" content=\"@Insightsbd\" \/>\n<meta name=\"twitter:label1\" content=\"Temps estimat de lectura\" \/>\n\t<meta name=\"twitter:data1\" content=\"5 minuts\" \/>\n<script type=\"application\/ld+json\" class=\"yoast-schema-graph\">{\"@context\":\"https:\\\/\\\/schema.org\",\"@graph\":[{\"@type\":\"WebPage\",\"@id\":\"https:\\\/\\\/www.centreinsight.es\\\/ca\\\/serveis\\\/terapia-per-a-la-depressio\\\/\",\"url\":\"https:\\\/\\\/www.centreinsight.es\\\/ca\\\/serveis\\\/terapia-per-a-la-depressio\\\/\",\"name\":\"Ter\u00e0pia per superar una depressi\u00f3 | Centre InSight\",\"isPartOf\":{\"@id\":\"https:\\\/\\\/www.centreinsight.es\\\/ca\\\/#website\"},\"datePublished\":\"2024-06-10T10:20:51+00:00\",\"dateModified\":\"2026-04-24T11:38:42+00:00\",\"description\":\"A Centre InSight estem especialitzats en ter\u00e0pies per controlar les emocions, una \u00e9s la ter\u00e0pia per a la depressi\u00f3.\",\"breadcrumb\":{\"@id\":\"https:\\\/\\\/www.centreinsight.es\\\/ca\\\/serveis\\\/terapia-per-a-la-depressio\\\/#breadcrumb\"},\"inLanguage\":\"ca\",\"potentialAction\":[{\"@type\":\"ReadAction\",\"target\":[\"https:\\\/\\\/www.centreinsight.es\\\/ca\\\/serveis\\\/terapia-per-a-la-depressio\\\/\"]}]},{\"@type\":\"BreadcrumbList\",\"@id\":\"https:\\\/\\\/www.centreinsight.es\\\/ca\\\/serveis\\\/terapia-per-a-la-depressio\\\/#breadcrumb\",\"itemListElement\":[{\"@type\":\"ListItem\",\"position\":1,\"name\":\"Psic\u00f3logo en Sabadell\",\"item\":\"https:\\\/\\\/www.centreinsight.es\\\/ca\\\/\"},{\"@type\":\"ListItem\",\"position\":2,\"name\":\"Serveis\",\"item\":\"https:\\\/\\\/www.centreinsight.es\\\/ca\\\/servicios\\\/\"},{\"@type\":\"ListItem\",\"position\":3,\"name\":\"Ter\u00e0pia per a la depressi\u00f3\"}]},{\"@type\":\"WebSite\",\"@id\":\"https:\\\/\\\/www.centreinsight.es\\\/ca\\\/#website\",\"url\":\"https:\\\/\\\/www.centreinsight.es\\\/ca\\\/\",\"name\":\"Centre Insight\",\"description\":\"Centro de psic\u00f3logos en Sabadell\",\"potentialAction\":[{\"@type\":\"SearchAction\",\"target\":{\"@type\":\"EntryPoint\",\"urlTemplate\":\"https:\\\/\\\/www.centreinsight.es\\\/ca\\\/?s={search_term_string}\"},\"query-input\":{\"@type\":\"PropertyValueSpecification\",\"valueRequired\":true,\"valueName\":\"search_term_string\"}}],\"inLanguage\":\"ca\"}]}<\/script>\n<!-- \/ Yoast SEO plugin. -->","yoast_head_json":{"title":"Ter\u00e0pia per superar una depressi\u00f3 | Centre InSight","description":"A Centre InSight estem especialitzats en ter\u00e0pies per controlar les emocions, una \u00e9s la ter\u00e0pia per a la depressi\u00f3.","robots":{"index":"index","follow":"follow","max-snippet":"max-snippet:-1","max-image-preview":"max-image-preview:large","max-video-preview":"max-video-preview:-1"},"canonical":"https:\/\/www.centreinsight.es\/ca\/serveis\/terapia-per-a-la-depressio\/","og_locale":"ca_ES","og_type":"article","og_title":"Ter\u00e0pia per superar una depressi\u00f3 | Centre InSight","og_description":"A Centre InSight estem especialitzats en ter\u00e0pies per controlar les emocions, una \u00e9s la ter\u00e0pia per a la depressi\u00f3.","og_url":"https:\/\/www.centreinsight.es\/ca\/serveis\/terapia-per-a-la-depressio\/","og_site_name":"Centre Insight","article_publisher":"https:\/\/www.facebook.com\/centrepsicologiainsight","article_modified_time":"2026-04-24T11:38:42+00:00","twitter_card":"summary_large_image","twitter_site":"@Insightsbd","twitter_misc":{"Temps estimat de lectura":"5 minuts"},"schema":{"@context":"https:\/\/schema.org","@graph":[{"@type":"WebPage","@id":"https:\/\/www.centreinsight.es\/ca\/serveis\/terapia-per-a-la-depressio\/","url":"https:\/\/www.centreinsight.es\/ca\/serveis\/terapia-per-a-la-depressio\/","name":"Ter\u00e0pia per superar una depressi\u00f3 | Centre InSight","isPartOf":{"@id":"https:\/\/www.centreinsight.es\/ca\/#website"},"datePublished":"2024-06-10T10:20:51+00:00","dateModified":"2026-04-24T11:38:42+00:00","description":"A Centre InSight estem especialitzats en ter\u00e0pies per controlar les emocions, una \u00e9s la ter\u00e0pia per a la depressi\u00f3.","breadcrumb":{"@id":"https:\/\/www.centreinsight.es\/ca\/serveis\/terapia-per-a-la-depressio\/#breadcrumb"},"inLanguage":"ca","potentialAction":[{"@type":"ReadAction","target":["https:\/\/www.centreinsight.es\/ca\/serveis\/terapia-per-a-la-depressio\/"]}]},{"@type":"BreadcrumbList","@id":"https:\/\/www.centreinsight.es\/ca\/serveis\/terapia-per-a-la-depressio\/#breadcrumb","itemListElement":[{"@type":"ListItem","position":1,"name":"Psic\u00f3logo en Sabadell","item":"https:\/\/www.centreinsight.es\/ca\/"},{"@type":"ListItem","position":2,"name":"Serveis","item":"https:\/\/www.centreinsight.es\/ca\/servicios\/"},{"@type":"ListItem","position":3,"name":"Ter\u00e0pia per a la depressi\u00f3"}]},{"@type":"WebSite","@id":"https:\/\/www.centreinsight.es\/ca\/#website","url":"https:\/\/www.centreinsight.es\/ca\/","name":"Centre Insight","description":"Centro de psic\u00f3logos en Sabadell","potentialAction":[{"@type":"SearchAction","target":{"@type":"EntryPoint","urlTemplate":"https:\/\/www.centreinsight.es\/ca\/?s={search_term_string}"},"query-input":{"@type":"PropertyValueSpecification","valueRequired":true,"valueName":"search_term_string"}}],"inLanguage":"ca"}]}},"_links":{"self":[{"href":"https:\/\/www.centreinsight.es\/ca\/wp-json\/wp\/v2\/pages\/9774","targetHints":{"allow":["GET"]}}],"collection":[{"href":"https:\/\/www.centreinsight.es\/ca\/wp-json\/wp\/v2\/pages"}],"about":[{"href":"https:\/\/www.centreinsight.es\/ca\/wp-json\/wp\/v2\/types\/page"}],"author":[{"embeddable":true,"href":"https:\/\/www.centreinsight.es\/ca\/wp-json\/wp\/v2\/users\/1"}],"replies":[{"embeddable":true,"href":"https:\/\/www.centreinsight.es\/ca\/wp-json\/wp\/v2\/comments?post=9774"}],"version-history":[{"count":15,"href":"https:\/\/www.centreinsight.es\/ca\/wp-json\/wp\/v2\/pages\/9774\/revisions"}],"predecessor-version":[{"id":11561,"href":"https:\/\/www.centreinsight.es\/ca\/wp-json\/wp\/v2\/pages\/9774\/revisions\/11561"}],"up":[{"embeddable":true,"href":"https:\/\/www.centreinsight.es\/ca\/wp-json\/wp\/v2\/pages\/9461"}],"wp:attachment":[{"href":"https:\/\/www.centreinsight.es\/ca\/wp-json\/wp\/v2\/media?parent=9774"}],"curies":[{"name":"wp","href":"https:\/\/api.w.org\/{rel}","templated":true}]}}